{"id":2215,"date":"2024-03-06T09:02:48","date_gmt":"2024-03-06T09:02:48","guid":{"rendered":"https:\/\/www.agrupamentoolaias.edu.pt\/portal\/?page_id=2215"},"modified":"2024-06-07T08:18:46","modified_gmt":"2024-06-07T08:18:46","slug":"avaliacao-externa-2023-2024","status":"publish","type":"page","link":"https:\/\/www.agrupamentoolaias.edu.pt\/portal\/avaliacao-externa-2023-2024\/","title":{"rendered":"Avalia\u00e7\u00e3o externa 2023\/2024"},"content":{"rendered":"\n<div><b>Legisla\u00e7\u00e3o<\/b><\/div>\n<div><b>\u00a0<\/b><\/div>\n<div>&#8211; <a href=\"https:\/\/www.agrupamentoolaias.edu.pt\/portal\/wp-content\/uploads\/2024\/03\/Despacho-n.o-8356_2022-de-8-de-julho.pdf\">Despacho n.\u00ba 8356_2022, de 8 de julho<\/a> \u2013 \u00a0Calend\u00e1rio dos anos escolares 2022_2023 e 2023_2024 (inclui calend\u00e1rio das provas)<\/div>\n<div>&#8211; <a href=\"https:\/\/www.agrupamentoolaias.edu.pt\/portal\/wp-content\/uploads\/2024\/03\/Norma-1JNE2024.pdf\">Norma 1JNE2024<\/a><\/div>\n<div>&#8211; <a href=\"https:\/\/www.agrupamentoolaias.edu.pt\/portal\/wp-content\/uploads\/2024\/03\/Regulamento-das-Provas-de-Avaliacao-Externa-e-das-Provas-de-Equivalencia-2024.pdf\">Regulamento das Provas de Avalia\u00e7\u00e3o Externa e das Provas de Equival\u00eancia 2024<\/a><\/div>\n<div>&#8211; <a href=\"https:\/\/www.agrupamentoolaias.edu.pt\/portal\/wp-content\/uploads\/2024\/03\/Guia-para-aplicacao-de-adaptacoes-nas-provas-e-exames.pdf\">Guia para aplica\u00e7\u00e3o de adapta\u00e7\u00f5es nas provas e exames<\/a><\/div>\n<div>&#8211; <a href=\"https:\/\/www.dge.mec.pt\/sites\/default\/files\/JNE\/manual_piepe_2024.pdf\" target=\"_blank\" rel=\"noopener\">Manual PIEPE\u00a02024<\/a><\/div>\n<div>&#8211; <a href=\"https:\/\/www.agrupamentoolaias.edu.pt\/portal\/wp-content\/uploads\/2024\/06\/Norma-02.pdf\" target=\"_blank\" rel=\"noopener\">Norma 02\/JNE\/2024<\/a><\/div>\n<div>&#8211; <a href=\"https:\/\/www.agrupamentoolaias.edu.pt\/portal\/wp-content\/uploads\/2024\/06\/Oficio-circular-Calculadoras.pdf\" target=\"_blank\" rel=\"noopener\">Of\u00edcio-circular Calculadoras<\/a><\/div>\n<div>&#8211; <a href=\"https:\/\/www.dge.mec.pt\/modelos\" target=\"_blank\" rel=\"noopener\">Modelos de requerimentos<\/a><\/div>\n<div>\u00a0<\/div>\n<div><b>Informa\u00e7\u00f5es-provas de aferi\u00e7\u00e3o<\/b><\/div>\n<div>\u00a0<\/div>\n<div>&#8211; <a href=\"https:\/\/www.agrupamentoolaias.edu.pt\/portal\/wp-content\/uploads\/2024\/03\/IP-Geral-2024_net.pdf\">IP-Geral-2024_net<\/a> &#8211; Informa\u00e7\u00e3o-geral para todas as provas\u00a0<\/div>\n<div>&#8211; <a href=\"https:\/\/www.agrupamentoolaias.edu.pt\/portal\/wp-content\/uploads\/2024\/03\/IP-PA-2-2024_net.pdf\">IP-PA-2-2024_net<\/a> &#8211; Informa\u00e7\u00e3o sobre provas de aferi\u00e7\u00e3o do 2\u00ba ano\u00a0<\/div>\n<div>&#8211; <a href=\"https:\/\/www.agrupamentoolaias.edu.pt\/portal\/wp-content\/uploads\/2024\/03\/IP-PA-5-2024_net.pdf\">IP-PA-5-2024_net<\/a> &#8211; Informa\u00e7\u00e3o sobre provas de aferi\u00e7\u00e3o do 5\u00ba ano\u00a0<\/div>\n<div>&#8211; <a href=\"https:\/\/www.agrupamentoolaias.edu.pt\/portal\/wp-content\/uploads\/2024\/03\/IP-PA-8-2024_net.pdf\">IP-PA-8-2024_net<\/a> &#8211; Informa\u00e7\u00e3o sobre provas de aferi\u00e7\u00e3o do 8\u00ba ano\u00a0<\/div>\n<div>\u00a0<\/div>\n<div>\n<div><b>Informa\u00e7\u00f5es-prova finais de ciclo<\/b><\/div>\n<div><b>\u00a0 \u00a0<\/b><\/div>\n<div>&#8211; <a href=\"https:\/\/www.agrupamentoolaias.edu.pt\/portal\/wp-content\/uploads\/2024\/03\/IP-Geral-2024_net-1.pdf\">IP-Geral-2024_net<\/a> &#8211; Informa\u00e7\u00e3o-geral para todas as provas\u00a0<\/div>\n<div>&#8211; <a href=\"https:\/\/www.agrupamentoolaias.edu.pt\/portal\/wp-content\/uploads\/2024\/03\/IP-PF-EX-PLNM93-94-839-2024_net.pdf\">IP-PF-EX-PLNM93-94-839-2024_net<\/a> &#8211; Informa\u00e7\u00e3o sobre prova final de ciclo de PLNM 9\u00ba ano\u00a0<\/div>\n<div>&#8211; <a href=\"https:\/\/www.agrupamentoolaias.edu.pt\/portal\/wp-content\/uploads\/2024\/03\/IP-PF-Mat92-2024_net.pdf\">IP-PF-Mat92-2024_net<\/a> &#8211; Informa\u00e7\u00e3o sobre\u00a0 prova final de ciclo de Matem\u00e1tica\u00a0\u00a09\u00ba ano\u00a0 \u00a0<\/div>\n<div>&#8211; <a href=\"https:\/\/www.agrupamentoolaias.edu.pt\/portal\/wp-content\/uploads\/2024\/03\/IP-PF-Port91-2024_net.pdf\">IP-PF-Port91-2024_net<\/a> &#8211; Informa\u00e7\u00e3o sobre prova final de ciclo de Portugu\u00eas 9\u00ba ano<\/div>\n<div>&#8211; <a href=\"https:\/\/www.agrupamentoolaias.edu.pt\/portal\/wp-content\/uploads\/2024\/05\/IR-Geral-2024.pdf\">IR-Geral-2024<\/a> &#8211; INSTRU\u00c7\u00d5ES DE REALIZA\u00c7\u00c3O, COTA\u00c7\u00d5ES, CRIT\u00c9RIOS GERAIS DE CLASSIFICA\u00c7\u00c3O E MATERIAL<\/div>\n<\/div>\n<div>\u00a0<\/div>\n<div><b>Documentos internos<\/b><\/div>\n<div>\u00a0<\/div>\n<div><span style=\"font-family: arial, sans-serif;\">&#8211; <a href=\"https:\/\/www.agrupamentoolaias.edu.pt\/portal\/wp-content\/uploads\/2024\/03\/Informacao-PIEF-3o-ciclo.pdf\">Informa\u00e7\u00e3o PIEF (3\u00ba ciclo)<\/a> &#8211; Inscri\u00e7\u00e3o de alunos PIEF (3\u00ba ciclo) nas Provas Finais de Ciclo de Portugu\u00eas e Matem\u00e1tica<\/span><\/div>\n<div>&#8211; <a href=\"https:\/\/www.agrupamentoolaias.edu.pt\/portal\/wp-content\/uploads\/2024\/04\/9o-ano-Provas-finais-e-PEF-informacao-aos-alunos-e-EE-2023-24.pdf\">9\u00ba ano &#8211; Provas finais e PEF &#8211; informa\u00e7\u00e3o aos alunos e EE -2023-24<\/a><\/div>\n<div>&#8211; <a href=\"https:\/\/www.agrupamentoolaias.edu.pt\/portal\/wp-content\/uploads\/2024\/05\/Resumo-do-Guia-PA_ALUNOS-23-24.pdf\">Resumo do Guia PA_ALUNOS-23-24<\/a><\/div>\n<div><a href=\"https:\/\/www.agrupamentoolaias.edu.pt\/portal\/wp-content\/uploads\/2024\/06\/Resumo-da-Norma-2-alunos-23-24.pdf\" target=\"_blank\" rel=\"noopener\">&#8211; Resumo da Norma 2 alunos 23-24<\/a><\/div>\n<div>\u00a0<\/div>\n<div><b>Calend\u00e1rios das Provas de Equival\u00eancia \u00e0 Frequ\u00eancia<\/b><\/div>\n<div>\u00a0<\/div>\n<div>&#8211; <a href=\"https:\/\/www.agrupamentoolaias.edu.pt\/portal\/wp-content\/uploads\/2024\/05\/CALENDARIO-DE-PEF-1o-CICLO-2023-2024_signed.pdf\">CALEND\u00c1RIO DE PEF-1\u00ba CICLO-2023-2024<\/a><\/div>\n<div><a href=\"https:\/\/www.agrupamentoolaias.edu.pt\/portal\/wp-content\/uploads\/2024\/05\/CALENDARIO-DE-PEF-2o-CICLO-2023-2024_signed.pdf\">&#8211; CALEND\u00c1RIO DE PEF-2\u00ba CICLO-2023-2024<\/a><\/div>\n<div><a href=\"https:\/\/www.agrupamentoolaias.edu.pt\/portal\/wp-content\/uploads\/2024\/05\/CALENDARIO-DE-PEF-3o-ciclo_2023-2024_signed.pdf\">&#8211; CALEND\u00c1RIO DE PEF-3\u00ba ciclo_2023-2024<\/a><\/div>\n<div>\u00a0<\/div>\n<div><b>Informa\u00e7\u00f5es-prova 1\u00ba ciclo<\/b><\/div>\n<div>\u00a0<\/div>\n<div><a href=\"https:\/\/www.agrupamentoolaias.edu.pt\/portal\/wp-content\/uploads\/2024\/05\/Informacao-prova-PEF-1.o-ciclo_-Portugues-23_24.pdf\">&#8211; Informa\u00e7\u00e3o &#8211; prova PEF 1.\u00ba ciclo_ Portugu\u00eas 23_24<\/a><\/div>\n<div><a href=\"https:\/\/www.agrupamentoolaias.edu.pt\/portal\/wp-content\/uploads\/2024\/05\/Informacao-prova-PEF-1.o-ciclo_Cidadania-e-Desenvolvimento-23_24.pdf\">&#8211; Informa\u00e7\u00e3o &#8211; prova PEF 1.\u00ba ciclo_Cidadania e Desenvolvimento 23_24<\/a><\/div>\n<div><a href=\"https:\/\/www.agrupamentoolaias.edu.pt\/portal\/wp-content\/uploads\/2024\/05\/Informacao-prova-PEF-1.o-ciclo_Educacao-Artistica-23_24.pdf\">&#8211; Informa\u00e7\u00e3o &#8211; prova PEF 1.\u00ba ciclo_Educa\u00e7\u00e3o Art\u00edstica 23_24<\/a><\/div>\n<div><a href=\"https:\/\/www.agrupamentoolaias.edu.pt\/portal\/wp-content\/uploads\/2024\/05\/Informacao-prova-PEF-1.o-ciclo_Educacao-Fisica-23_24.pdf\">&#8211; Informa\u00e7\u00e3o &#8211; prova PEF 1.\u00ba ciclo_Educa\u00e7\u00e3o F\u00edsica 23_24<\/a><\/div>\n<div><a href=\"https:\/\/www.agrupamentoolaias.edu.pt\/portal\/wp-content\/uploads\/2024\/05\/Informacao-prova-PEF-1.o-ciclo_Estudo-do-Meio-23_24.pdf\">&#8211; Informa\u00e7\u00e3o &#8211; prova PEF 1.\u00ba ciclo_Estudo do Meio 23_24<\/a><\/div>\n<div><a href=\"https:\/\/www.agrupamentoolaias.edu.pt\/portal\/wp-content\/uploads\/2024\/05\/Informacao-prova-PEF-1.o-ciclo_Ingles-23_24.pdf\">&#8211; Informa\u00e7\u00e3o &#8211; prova PEF 1.\u00ba ciclo_Ingl\u00eas 23_24<\/a><\/div>\n<div><a href=\"https:\/\/www.agrupamentoolaias.edu.pt\/portal\/wp-content\/uploads\/2024\/05\/Informacao-prova-PEF-1.o-ciclo_Matematica-23_24.pdf\">&#8211; Informa\u00e7\u00e3o &#8211; prova PEF 1.\u00ba ciclo_Matem\u00e1tica 23_24<\/a><\/div>\n<div>\u00a0<\/div>\n<div><b>Informa\u00e7\u00f5es-prova 2\u00ba ciclo<\/b><\/div>\n<div>\u00a0<\/div>\n<div><a href=\"https:\/\/www.agrupamentoolaias.edu.pt\/portal\/wp-content\/uploads\/2024\/05\/Informac\u0327a\u0303o-prova-PEF-2.o-ciclo-Educac\u0327a\u0303o-Visual-23_24.pdf\">&#8211; Informac\u0327a\u0303o &#8211; prova PEF 2.\u00ba ciclo &#8211; Educac\u0327a\u0303o Visual 23_24<\/a><\/div>\n<div><a href=\"https:\/\/www.agrupamentoolaias.edu.pt\/portal\/wp-content\/uploads\/2024\/05\/Informacao-prova-PEF-2.o-ciclo_Ciencias-Naturais-23_24.pdf\">&#8211; Informa\u00e7\u00e3o &#8211; prova PEF 2.\u00ba ciclo_Ci\u00eancias Naturais 23_24<\/a><\/div>\n<div><a href=\"https:\/\/www.agrupamentoolaias.edu.pt\/portal\/wp-content\/uploads\/2024\/05\/Informacao-prova-PEF-2.o-ciclo_Educacao-Fisica-23_24.pdf\">&#8211; Informa\u00e7\u00e3o &#8211; prova PEF 2.\u00ba ciclo_Educa\u00e7\u00e3o F\u00edsica 23_24<\/a><\/div>\n<div><a href=\"https:\/\/www.agrupamentoolaias.edu.pt\/portal\/wp-content\/uploads\/2024\/05\/Informacao-prova-PEF-2.o-ciclo_Educacao-Musical-23_24.pdf\">&#8211; Informa\u00e7\u00e3o &#8211; prova PEF 2.\u00ba ciclo_Educa\u00e7\u00e3o Musical 23_24<\/a><\/div>\n<div><a href=\"https:\/\/www.agrupamentoolaias.edu.pt\/portal\/wp-content\/uploads\/2024\/05\/Informacao-prova-PEF-2.o-ciclo_Tecnologias-de-Informacao-e-Comunicacao-23_24.pdf\">&#8211; Informa\u00e7\u00e3o &#8211; prova PEF 2.\u00ba ciclo_Tecnologias de Informa\u00e7\u00e3o e Comunica\u00e7\u00e3o 23_24<\/a><\/div>\n<div><a href=\"https:\/\/www.agrupamentoolaias.edu.pt\/portal\/wp-content\/uploads\/2024\/05\/Informacao-prova-PEF-2.ociclo_Educacao-Tecnologica-23_24.pdf\">&#8211; Informa\u00e7\u00e3o &#8211; prova PEF 2.\u00baciclo_Educa\u00e7\u00e3o Tecnol\u00f3gica 23_24<\/a><\/div>\n<div><a href=\"https:\/\/www.agrupamentoolaias.edu.pt\/portal\/wp-content\/uploads\/2024\/05\/Informacao-prova-PEF-2.ociclo_Historia-e-Geografia-de-Portugal-23_24.pdf\">&#8211; Informa\u00e7\u00e3o &#8211; prova PEF 2.\u00baciclo_Hist\u00f3ria e Geografia de Portugal 23_24<\/a><\/div>\n<div><a href=\"https:\/\/www.agrupamentoolaias.edu.pt\/portal\/wp-content\/uploads\/2024\/05\/Informacao-prova-PEF-2.ociclo_Cidadania-e-Desenvolvimento-23_24.pdf\">&#8211; Informa\u00e7\u00e3o &#8211; prova PEF 2.\u00baciclo_Cidadania e Desenvolvimento 23_24<\/a><\/div>\n<div><a href=\"https:\/\/www.agrupamentoolaias.edu.pt\/portal\/wp-content\/uploads\/2024\/05\/Informacao-prova-PEF-2.ociclo_Ingles-23_24.pdf\">&#8211; Informa\u00e7\u00e3o &#8211; prova PEF 2.\u00baciclo_Ingl\u00eas 23_24<\/a><\/div>\n<div><a href=\"https:\/\/www.agrupamentoolaias.edu.pt\/portal\/wp-content\/uploads\/2024\/05\/Informacao-prova-PEF-2.ociclo_Portugues-23_24.pdf\">&#8211; Informa\u00e7\u00e3o &#8211; prova PEF 2.\u00baciclo_Portugu\u00eas 23_24<\/a><\/div>\n<div><a href=\"https:\/\/www.agrupamentoolaias.edu.pt\/portal\/wp-content\/uploads\/2024\/05\/Informacao-prova-PEF-2ociclo_Matematica-2023_24.pdf\">&#8211; Informa\u00e7\u00e3o &#8211; prova PEF 2\u00baciclo_Matem\u00e1tica 2023_24<\/a><\/div>\n<div>\u00a0<\/div>\n<div><b>Informa\u00e7\u00f5es-prova 3\u00ba ciclo<\/b><\/div>\n<div>\u00a0<\/div>\n<div><a href=\"https:\/\/www.agrupamentoolaias.edu.pt\/portal\/wp-content\/uploads\/2024\/05\/Informacao-prova-PEF-3.-ciclo_-Educacao-Visual-23_23.pdf\">&#8211; Informa\u00e7\u00e3o &#8211; prova PEF 3. ciclo_ Educa\u00e7\u00e3o Visual 23_23<\/a><\/div>\n<div><a href=\"https:\/\/www.agrupamentoolaias.edu.pt\/portal\/wp-content\/uploads\/2024\/05\/Informacao-prova-PEF-3.o-ciclo_-Frances-23_24.pdf\">&#8211; Informa\u00e7\u00e3o &#8211; prova PEF 3.\u00ba ciclo_ Franc\u00eas 23_24<\/a><\/div>\n<div><a href=\"https:\/\/www.agrupamentoolaias.edu.pt\/portal\/wp-content\/uploads\/2024\/05\/Informacao-prova-PEF-3.o-ciclo_Ciencias-Naturais-23_24-1.pdf\">&#8211; Informa\u00e7\u00e3o &#8211; prova PEF 3.\u00ba ciclo_Ci\u00eancias Naturais 23_24<\/a><\/div>\n<div><a href=\"https:\/\/www.agrupamentoolaias.edu.pt\/portal\/wp-content\/uploads\/2024\/05\/Informacao-prova-PEF-3.o-ciclo_Educacao-Fisica-23_24.pdf\">&#8211; Informa\u00e7\u00e3o &#8211; prova PEF 3.\u00ba ciclo_Educa\u00e7\u00e3o F\u00edsica 23_24<\/a><\/div>\n<div><a href=\"https:\/\/www.agrupamentoolaias.edu.pt\/portal\/wp-content\/uploads\/2024\/05\/Informacao-prova-PEF-3.o-ciclo_Educacao-Tecnologica-23_24.pdf\">&#8211; Informa\u00e7\u00e3o &#8211; prova PEF 3.\u00ba ciclo_Educa\u00e7\u00e3o Tecnol\u00f3gica 23_24<\/a><\/div>\n<div><a href=\"https:\/\/www.agrupamentoolaias.edu.pt\/portal\/wp-content\/uploads\/2024\/05\/Informacao-prova-PEF-3.o-ciclo_Historia-23_24.pdf\">&#8211; Informa\u00e7\u00e3o &#8211; prova PEF 3.\u00ba ciclo_Hist\u00f3ria 23_24<\/a><\/div>\n<div><a href=\"https:\/\/www.agrupamentoolaias.edu.pt\/portal\/wp-content\/uploads\/2024\/05\/Informacao-prova-PEF-3.o-ciclo_Tecnologias-de-Informacao-e-Comunicacao-23_24.pdf\">&#8211; Informa\u00e7\u00e3o &#8211; prova PEF 3.\u00ba ciclo_Tecnologias de Informa\u00e7\u00e3o e Comunica\u00e7\u00e3o 23_24<\/a><\/div>\n<div><a href=\"https:\/\/www.agrupamentoolaias.edu.pt\/portal\/wp-content\/uploads\/2024\/05\/Informacao-prova-PEF-3.ociclo-PEF_Fisico-Quimica-23_24-1.pdf\">&#8211; Informa\u00e7\u00e3o &#8211; prova PEF 3.\u00baciclo PEF_F\u00edsico-Qu\u00edmica 23_24<\/a><\/div>\n<div><a href=\"https:\/\/www.agrupamentoolaias.edu.pt\/portal\/wp-content\/uploads\/2024\/05\/Informacao-prova-PEF-3.ociclo_Cidadania-e-Desenvolvimento-23_24-1.pdf\">&#8211; Informa\u00e7\u00e3o &#8211; prova PEF 3.\u00baciclo_Cidadania e Desenvolvimento 23_24<\/a><\/div>\n<div><a href=\"https:\/\/www.agrupamentoolaias.edu.pt\/portal\/wp-content\/uploads\/2024\/05\/Informacao-prova-PEF-3.ociclo_Ingles-23_24.pdf\">&#8211; Informa\u00e7\u00e3o &#8211; prova PEF 3.\u00baciclo_Ingl\u00eas 23_24<\/a><\/div>\n<div><a href=\"https:\/\/www.agrupamentoolaias.edu.pt\/portal\/wp-content\/uploads\/2024\/05\/Informacao-prova-PEF-3o-ciclo_Geografia-23_24.pdf\">&#8211; Informa\u00e7\u00e3o &#8211; prova PEF 3\u00ba ciclo_Geografia 23_24<\/a><\/div>\n<div>\u00a0<\/div>\n<div>\u00a0<\/div>\n<div>&#8211;\u00a0<strong>secretaria@agrupamentoolaias.<wbr \/>edu.pt<\/strong>\u00a0(correio eletr\u00f3nico do Agrupamento de Escolas das Olaias)<\/div>\n","protected":false},"excerpt":{"rendered":"<p>Legisla\u00e7\u00e3o \u00a0 &#8211; Despacho n.\u00ba 8356_2022, de 8 de julho \u2013 \u00a0Calend\u00e1rio dos anos escolares 2022_2023 e 2023_2024 (inclui calend\u00e1rio<\/p>\n","protected":false},"author":1,"featured_media":1330,"parent":0,"menu_order":0,"comment_status":"closed","ping_status":"closed","template":"","meta":{"footnotes":""},"class_list":["post-2215","page","type-page","status-publish","has-post-thumbnail","hentry"],"wppr_data":{"cwp_meta_box_check":"No"},"_links":{"self":[{"href":"https:\/\/www.agrupamentoolaias.edu.pt\/portal\/wp-json\/wp\/v2\/pages\/2215"}],"collection":[{"href":"https:\/\/www.agrupamentoolaias.edu.pt\/portal\/wp-json\/wp\/v2\/pages"}],"about":[{"href":"https:\/\/www.agrupamentoolaias.edu.pt\/portal\/wp-json\/wp\/v2\/types\/page"}],"author":[{"embeddable":true,"href":"https:\/\/www.agrupamentoolaias.edu.pt\/portal\/wp-json\/wp\/v2\/users\/1"}],"replies":[{"embeddable":true,"href":"https:\/\/www.agrupamentoolaias.edu.pt\/portal\/wp-json\/wp\/v2\/comments?post=2215"}],"version-history":[{"count":12,"href":"https:\/\/www.agrupamentoolaias.edu.pt\/portal\/wp-json\/wp\/v2\/pages\/2215\/revisions"}],"predecessor-version":[{"id":2518,"href":"https:\/\/www.agrupamentoolaias.edu.pt\/portal\/wp-json\/wp\/v2\/pages\/2215\/revisions\/2518"}],"wp:featuredmedia":[{"embeddable":true,"href":"https:\/\/www.agrupamentoolaias.edu.pt\/portal\/wp-json\/wp\/v2\/media\/1330"}],"wp:attachment":[{"href":"https:\/\/www.agrupamentoolaias.edu.pt\/portal\/wp-json\/wp\/v2\/media?parent=2215"}],"curies":[{"name":"wp","href":"https:\/\/api.w.org\/{rel}","templated":true}]}}